{"id":12650,"date":"2017-04-26T08:23:15","date_gmt":"2017-04-26T06:23:15","guid":{"rendered":"http:\/\/potocan.com\/eshop\/produkt\/konferencny-stolik-art-deco-strieborna\/"},"modified":"2024-01-12T09:46:24","modified_gmt":"2024-01-12T08:46:24","slug":"konferencny-stolik-art-deco-strieborna","status":"publish","type":"product","link":"https:\/\/www.ikuchyne.sk\/eshop\/produkt\/konferencny-stolik-art-deco-strieborna\/","title":{"rendered":"Sklenen\u00fd konferen\u010dn\u00fd stol\u00edk Art Deco\u00a0\u00d8 55 cm \u00bb"},"content":{"rendered":"<h1>Sklenen\u00fd konferen\u010dn\u00fd stol\u00edk Art Deco\u00a0\u00d8 55 cm<\/h1>\n<div class=\"electro-description\">\n<p><b><strong>V\u0161eobecn\u00fd opis stol\u00edka:<br \/>\n<\/strong><\/b>Sklenen\u00fd konferen\u010dn\u00fd stol\u00edk Art Deco je z\u00e1stupcom modern\u00e9ho \u0161t\u00fdlu b\u00fdvania. Pre tento \u0161t\u00fdl je charakteristick\u00e1 r\u00f4znorodos\u0165 materi\u00e1lov a \u010dist\u00e9 l\u00ednie. Povrch stol\u00edka je vyroben\u00fd z temperovan\u00e9ho bezpe\u010dnostn\u00e9ho\u00a0 skla v tvare kruhu. Ten je lemovan\u00fd kovov\u00fdm okrajom. Podno\u017e konferen\u010dn\u00e9ho stol\u00edka tvoria dve \u00fazke kovov\u00e9 nohy spojen\u00e9 do kruhu. T\u00e1to podno\u017e je pochr\u00f3movan\u00e1. Stol\u00edk je jednoduch\u00fd na \u00fadr\u017ebu v\u010faka starostlivo vybran\u00fdm materi\u00e1lom a hladk\u00e9mu povrchu. Kombin\u00e1cia \u010d\u00edreho skla a chr\u00f3mu p\u00f4sob\u00ed ve\u013emi \u0161t\u00fdlovo a d\u00e1 sa \u013eahko kombinova\u0165 s in\u00fdmi kusmi n\u00e1bytku. Stol\u00edk m\u00f4\u017eeme zasun\u00fa\u0165 k seda\u010dke, \u010do je ve\u013emi praktick\u00e9 a pohodln\u00e9.<\/p>\n<p><strong>Povrch stol\u00edka:<br \/>\n<\/strong>Povrch konferen\u010dn\u00e9ho stol\u00edka\u00a0je vyroben\u00fd z temperovan\u00e9ho bezpe\u010dnostn\u00e9ho skla v tvare kruhu. Ten je lemovan\u00fd kovov\u00fdm pochr\u00f3movan\u00fdm okrajom.<\/p>\n<p><strong>Podno\u017e stol\u00edka:<br \/>\n<\/strong>Podno\u017e stol\u00edka pozost\u00e1va z dvoch tenk\u00fdch kovov\u00fdch n\u00f4h spojen\u00fdch do kruhu, ktor\u00e9 s\u00fa pochr\u00f3movan\u00e9.<\/p>\n<p><strong>\u010eal\u0161ie inform\u00e1cie:<br \/>\n<\/strong>V\u010faka hladk\u00e9mu povrchu je tento konferen\u010dn\u00fd stol\u00edk nen\u00e1ro\u010dn\u00fd na \u00fadr\u017ebu. Sta\u010d\u00ed ho pretrie\u0165 vlhkou handri\u010dkou alebo vy\u010disti\u0165 sprejom na sklo.<\/p>\n<p><b>Rozmery stol\u00edka<\/b>:<br \/>\n\u0160\u00edrka stol\u00edka: 40 cm<br \/>\nD\u013a\u017eka stol\u00edka: 40 cm<br \/>\nV\u00fd\u0161ka stol\u00edka: 55 cm<\/p>\n<p><b>Materi\u00e1l:\u00a0<\/b>bezpe\u010dnostn\u00e9 temperovan\u00e9 sklo,\u00a0kov<\/p>\n<p><b>Farba:<\/b>\u00a0\u010d\u00edra, chr\u00f3m<\/p>\n<\/div>\n","protected":false},"excerpt":{"rendered":"<p>Sklenen\u00fd konferen\u010dn\u00fd stol\u00edk Art Deco\u00a0\u00d8 55 cm V\u0161eobecn\u00fd opis stol\u00edka: Sklenen\u00fd konferen\u010dn\u00fd stol\u00edk Art Deco je z\u00e1stupcom modern\u00e9ho \u0161t\u00fdlu b\u00fdvania. Pre tento \u0161t\u00fdl je charakteristick\u00e1 r\u00f4znorodos\u0165 materi\u00e1lov a \u010dist\u00e9 l\u00ednie.<\/p>\n","protected":false},"featured_media":12651,"comment_status":"open","ping_status":"closed","template":"","meta":[],"product_cat":[304,836,839,841,835,843],"product_tag":[610],"yoast_head":"<!-- This site is optimized with the Yoast SEO plugin v22.1 - https:\/\/yoast.com\/wordpress\/plugins\/seo\/ -->\n<title>Sklenen\u00fd konferen\u010dn\u00fd stol\u00edk Art Deco\u00a0\u00d8 55 cm \u00bb &#187; iKuchyne iSHOP s n\u00e1bytkom<\/title>\n<meta name=\"description\" content=\"K\u00fapte si u n\u00e1s Sklenen\u00fd konferen\u010dn\u00fd stol\u00edk Art Deco\u00a0\u00d8 55 cm \u00bb za akciov\u00fa cenu. R\u00fdchle dodanie tovaru, odborn\u00e9 poradenstvo a stovky produktov skladom. Sklenen\u00fd konferen\u010dn\u00fd stol\u00edk Art Deco\u00a0\u00d8 55 cm \u00bb sa stane dominantou V\u00e1\u0161ho interi\u00e9ru. Internetov\u00fd obchod ikuchyne! pon\u00faka odber Sklenen\u00fd konferen\u010dn\u00fd stol\u00edk Art Deco\u00a0\u00d8 55 cm \u00bb u\u017e od 1 kusu.\" \/>\n<meta name=\"robots\" content=\"index, follow, max-snippet:-1, max-image-preview:large, max-video-preview:-1\" \/>\n<link rel=\"canonical\" href=\"https:\/\/www.ikuchyne.sk\/eshop\/produkt\/konferencny-stolik-art-deco-strieborna\/\" \/>\n<meta property=\"og:locale\" content=\"sk_SK\" \/>\n<meta property=\"og:type\" content=\"article\" \/>\n<meta property=\"og:title\" content=\"Sklenen\u00fd konferen\u010dn\u00fd stol\u00edk Art Deco\u00a0\u00d8 55 cm \u00bb &#187; iKuchyne iSHOP s n\u00e1bytkom\" \/>\n<meta property=\"og:description\" content=\"K\u00fapte si u n\u00e1s Sklenen\u00fd konferen\u010dn\u00fd stol\u00edk Art Deco\u00a0\u00d8 55 cm \u00bb za akciov\u00fa cenu. R\u00fdchle dodanie tovaru, odborn\u00e9 poradenstvo a stovky produktov skladom. Sklenen\u00fd konferen\u010dn\u00fd stol\u00edk Art Deco\u00a0\u00d8 55 cm \u00bb sa stane dominantou V\u00e1\u0161ho interi\u00e9ru. Internetov\u00fd obchod ikuchyne! pon\u00faka odber Sklenen\u00fd konferen\u010dn\u00fd stol\u00edk Art Deco\u00a0\u00d8 55 cm \u00bb u\u017e od 1 kusu.\" \/>\n<meta property=\"og:url\" content=\"https:\/\/www.ikuchyne.sk\/eshop\/produkt\/konferencny-stolik-art-deco-strieborna\/\" \/>\n<meta property=\"og:site_name\" content=\"iKuchyne iSHOP s n\u00e1bytkom\" \/>\n<meta property=\"article:publisher\" content=\"https:\/\/www.facebook.com\/ikuchyne\/\" \/>\n<meta property=\"article:modified_time\" content=\"2024-01-12T08:46:24+00:00\" \/>\n<meta property=\"og:image\" content=\"https:\/\/www.ikuchyne.sk\/eshop\/wp-content\/uploads\/2017\/04\/konferencny-stolik-art-deco-strieborna.jpg\" \/>\n\t<meta property=\"og:image:width\" content=\"800\" \/>\n\t<meta property=\"og:image:height\" content=\"533\" \/>\n\t<meta property=\"og:image:type\" content=\"image\/jpeg\" \/>\n<meta name=\"twitter:card\" content=\"summary_large_image\" \/>\n<meta name=\"twitter:label1\" content=\"Predpokladan\u00fd \u010das \u010d\u00edtania\" \/>\n\t<meta name=\"twitter:data1\" content=\"1 min\u00fata\" \/>\n<script type=\"application\/ld+json\" class=\"yoast-schema-graph\">{\"@context\":\"https:\/\/schema.org\",\"@graph\":[{\"@type\":\"WebPage\",\"@id\":\"https:\/\/www.ikuchyne.sk\/eshop\/produkt\/konferencny-stolik-art-deco-strieborna\/\",\"url\":\"https:\/\/www.ikuchyne.sk\/eshop\/produkt\/konferencny-stolik-art-deco-strieborna\/\",\"name\":\"Sklenen\u00fd konferen\u010dn\u00fd stol\u00edk Art Deco\u00a0\u00d8 55 cm \u00bb &#187; iKuchyne iSHOP s n\u00e1bytkom\",\"isPartOf\":{\"@id\":\"https:\/\/www.ikuchyne.sk\/eshop\/#website\"},\"datePublished\":\"2017-04-26T06:23:15+00:00\",\"dateModified\":\"2024-01-12T08:46:24+00:00\",\"description\":\"K\u00fapte si u n\u00e1s Sklenen\u00fd konferen\u010dn\u00fd stol\u00edk Art Deco\u00a0\u00d8 55 cm \u00bb za akciov\u00fa cenu. R\u00fdchle dodanie tovaru, odborn\u00e9 poradenstvo a stovky produktov skladom. Sklenen\u00fd konferen\u010dn\u00fd stol\u00edk Art Deco\u00a0\u00d8 55 cm \u00bb sa stane dominantou V\u00e1\u0161ho interi\u00e9ru. Internetov\u00fd obchod ikuchyne! pon\u00faka odber Sklenen\u00fd konferen\u010dn\u00fd stol\u00edk Art Deco\u00a0\u00d8 55 cm \u00bb u\u017e od 1 kusu.\",\"breadcrumb\":{\"@id\":\"https:\/\/www.ikuchyne.sk\/eshop\/produkt\/konferencny-stolik-art-deco-strieborna\/#breadcrumb\"},\"inLanguage\":\"sk-SK\",\"potentialAction\":[{\"@type\":\"ReadAction\",\"target\":[\"https:\/\/www.ikuchyne.sk\/eshop\/produkt\/konferencny-stolik-art-deco-strieborna\/\"]}]},{\"@type\":\"BreadcrumbList\",\"@id\":\"https:\/\/www.ikuchyne.sk\/eshop\/produkt\/konferencny-stolik-art-deco-strieborna\/#breadcrumb\",\"itemListElement\":[{\"@type\":\"ListItem\",\"position\":1,\"name\":\"Home\",\"item\":\"https:\/\/www.ikuchyne.sk\/eshop\/\"},{\"@type\":\"ListItem\",\"position\":2,\"name\":\"Obchod\",\"item\":\"https:\/\/www.ikuchyne.sk\/eshop\/obchod\/\"},{\"@type\":\"ListItem\",\"position\":3,\"name\":\"Sklenen\u00fd konferen\u010dn\u00fd stol\u00edk Art Deco\u00a0\u00d8 55 cm \u00bb\"}]},{\"@type\":\"WebSite\",\"@id\":\"https:\/\/www.ikuchyne.sk\/eshop\/#website\",\"url\":\"https:\/\/www.ikuchyne.sk\/eshop\/\",\"name\":\"iKuchyne iSHOP s n\u00e1bytkom\",\"description\":\"Jed\u00e1lensk\u00e9 stoly, stoli\u010dky, n\u00e1bytok, svietidl\u00e1...\",\"publisher\":{\"@id\":\"https:\/\/www.ikuchyne.sk\/eshop\/#organization\"},\"potentialAction\":[{\"@type\":\"SearchAction\",\"target\":{\"@type\":\"EntryPoint\",\"urlTemplate\":\"https:\/\/www.ikuchyne.sk\/eshop\/?s={search_term_string}\"},\"query-input\":\"required name=search_term_string\"}],\"inLanguage\":\"sk-SK\"},{\"@type\":\"Organization\",\"@id\":\"https:\/\/www.ikuchyne.sk\/eshop\/#organization\",\"name\":\"ikuchyne!\",\"url\":\"https:\/\/www.ikuchyne.sk\/eshop\/\",\"logo\":{\"@type\":\"ImageObject\",\"inLanguage\":\"sk-SK\",\"@id\":\"https:\/\/www.ikuchyne.sk\/eshop\/#\/schema\/logo\/image\/\",\"url\":\"https:\/\/www.ikuchyne.sk\/eshop\/wp-content\/uploads\/2017\/04\/ikuchyne-logo.jpg\",\"contentUrl\":\"https:\/\/www.ikuchyne.sk\/eshop\/wp-content\/uploads\/2017\/04\/ikuchyne-logo.jpg\",\"width\":200,\"height\":48,\"caption\":\"ikuchyne!\"},\"image\":{\"@id\":\"https:\/\/www.ikuchyne.sk\/eshop\/#\/schema\/logo\/image\/\"},\"sameAs\":[\"https:\/\/www.facebook.com\/ikuchyne\/\",\"https:\/\/www.instagram.com\/ikuchyne.sk\/\",\"https:\/\/sk.pinterest.com\/ikuchynesk\/\"]}]}<\/script>\n<!-- \/ Yoast SEO plugin. -->","yoast_head_json":{"title":"Sklenen\u00fd konferen\u010dn\u00fd stol\u00edk Art Deco\u00a0\u00d8 55 cm \u00bb &#187; iKuchyne iSHOP s n\u00e1bytkom","description":"K\u00fapte si u n\u00e1s Sklenen\u00fd konferen\u010dn\u00fd stol\u00edk Art Deco\u00a0\u00d8 55 cm \u00bb za akciov\u00fa cenu. R\u00fdchle dodanie tovaru, odborn\u00e9 poradenstvo a stovky produktov skladom. Sklenen\u00fd konferen\u010dn\u00fd stol\u00edk Art Deco\u00a0\u00d8 55 cm \u00bb sa stane dominantou V\u00e1\u0161ho interi\u00e9ru. Internetov\u00fd obchod ikuchyne! pon\u00faka odber Sklenen\u00fd konferen\u010dn\u00fd stol\u00edk Art Deco\u00a0\u00d8 55 cm \u00bb u\u017e od 1 kusu.","robots":{"index":"index","follow":"follow","max-snippet":"max-snippet:-1","max-image-preview":"max-image-preview:large","max-video-preview":"max-video-preview:-1"},"canonical":"https:\/\/www.ikuchyne.sk\/eshop\/produkt\/konferencny-stolik-art-deco-strieborna\/","og_locale":"sk_SK","og_type":"article","og_title":"Sklenen\u00fd konferen\u010dn\u00fd stol\u00edk Art Deco\u00a0\u00d8 55 cm \u00bb &#187; iKuchyne iSHOP s n\u00e1bytkom","og_description":"K\u00fapte si u n\u00e1s Sklenen\u00fd konferen\u010dn\u00fd stol\u00edk Art Deco\u00a0\u00d8 55 cm \u00bb za akciov\u00fa cenu. R\u00fdchle dodanie tovaru, odborn\u00e9 poradenstvo a stovky produktov skladom. Sklenen\u00fd konferen\u010dn\u00fd stol\u00edk Art Deco\u00a0\u00d8 55 cm \u00bb sa stane dominantou V\u00e1\u0161ho interi\u00e9ru. Internetov\u00fd obchod ikuchyne! pon\u00faka odber Sklenen\u00fd konferen\u010dn\u00fd stol\u00edk Art Deco\u00a0\u00d8 55 cm \u00bb u\u017e od 1 kusu.","og_url":"https:\/\/www.ikuchyne.sk\/eshop\/produkt\/konferencny-stolik-art-deco-strieborna\/","og_site_name":"iKuchyne iSHOP s n\u00e1bytkom","article_publisher":"https:\/\/www.facebook.com\/ikuchyne\/","article_modified_time":"2024-01-12T08:46:24+00:00","og_image":[{"width":800,"height":533,"url":"https:\/\/www.ikuchyne.sk\/eshop\/wp-content\/uploads\/2017\/04\/konferencny-stolik-art-deco-strieborna.jpg","type":"image\/jpeg"}],"twitter_card":"summary_large_image","twitter_misc":{"Predpokladan\u00fd \u010das \u010d\u00edtania":"1 min\u00fata"},"schema":{"@context":"https:\/\/schema.org","@graph":[{"@type":"WebPage","@id":"https:\/\/www.ikuchyne.sk\/eshop\/produkt\/konferencny-stolik-art-deco-strieborna\/","url":"https:\/\/www.ikuchyne.sk\/eshop\/produkt\/konferencny-stolik-art-deco-strieborna\/","name":"Sklenen\u00fd konferen\u010dn\u00fd stol\u00edk Art Deco\u00a0\u00d8 55 cm \u00bb &#187; iKuchyne iSHOP s n\u00e1bytkom","isPartOf":{"@id":"https:\/\/www.ikuchyne.sk\/eshop\/#website"},"datePublished":"2017-04-26T06:23:15+00:00","dateModified":"2024-01-12T08:46:24+00:00","description":"K\u00fapte si u n\u00e1s Sklenen\u00fd konferen\u010dn\u00fd stol\u00edk Art Deco\u00a0\u00d8 55 cm \u00bb za akciov\u00fa cenu. R\u00fdchle dodanie tovaru, odborn\u00e9 poradenstvo a stovky produktov skladom. Sklenen\u00fd konferen\u010dn\u00fd stol\u00edk Art Deco\u00a0\u00d8 55 cm \u00bb sa stane dominantou V\u00e1\u0161ho interi\u00e9ru. Internetov\u00fd obchod ikuchyne! pon\u00faka odber Sklenen\u00fd konferen\u010dn\u00fd stol\u00edk Art Deco\u00a0\u00d8 55 cm \u00bb u\u017e od 1 kusu.","breadcrumb":{"@id":"https:\/\/www.ikuchyne.sk\/eshop\/produkt\/konferencny-stolik-art-deco-strieborna\/#breadcrumb"},"inLanguage":"sk-SK","potentialAction":[{"@type":"ReadAction","target":["https:\/\/www.ikuchyne.sk\/eshop\/produkt\/konferencny-stolik-art-deco-strieborna\/"]}]},{"@type":"BreadcrumbList","@id":"https:\/\/www.ikuchyne.sk\/eshop\/produkt\/konferencny-stolik-art-deco-strieborna\/#breadcrumb","itemListElement":[{"@type":"ListItem","position":1,"name":"Home","item":"https:\/\/www.ikuchyne.sk\/eshop\/"},{"@type":"ListItem","position":2,"name":"Obchod","item":"https:\/\/www.ikuchyne.sk\/eshop\/obchod\/"},{"@type":"ListItem","position":3,"name":"Sklenen\u00fd konferen\u010dn\u00fd stol\u00edk Art Deco\u00a0\u00d8 55 cm \u00bb"}]},{"@type":"WebSite","@id":"https:\/\/www.ikuchyne.sk\/eshop\/#website","url":"https:\/\/www.ikuchyne.sk\/eshop\/","name":"iKuchyne iSHOP s n\u00e1bytkom","description":"Jed\u00e1lensk\u00e9 stoly, stoli\u010dky, n\u00e1bytok, svietidl\u00e1...","publisher":{"@id":"https:\/\/www.ikuchyne.sk\/eshop\/#organization"},"potentialAction":[{"@type":"SearchAction","target":{"@type":"EntryPoint","urlTemplate":"https:\/\/www.ikuchyne.sk\/eshop\/?s={search_term_string}"},"query-input":"required name=search_term_string"}],"inLanguage":"sk-SK"},{"@type":"Organization","@id":"https:\/\/www.ikuchyne.sk\/eshop\/#organization","name":"ikuchyne!","url":"https:\/\/www.ikuchyne.sk\/eshop\/","logo":{"@type":"ImageObject","inLanguage":"sk-SK","@id":"https:\/\/www.ikuchyne.sk\/eshop\/#\/schema\/logo\/image\/","url":"https:\/\/www.ikuchyne.sk\/eshop\/wp-content\/uploads\/2017\/04\/ikuchyne-logo.jpg","contentUrl":"https:\/\/www.ikuchyne.sk\/eshop\/wp-content\/uploads\/2017\/04\/ikuchyne-logo.jpg","width":200,"height":48,"caption":"ikuchyne!"},"image":{"@id":"https:\/\/www.ikuchyne.sk\/eshop\/#\/schema\/logo\/image\/"},"sameAs":["https:\/\/www.facebook.com\/ikuchyne\/","https:\/\/www.instagram.com\/ikuchyne.sk\/","https:\/\/sk.pinterest.com\/ikuchynesk\/"]}]}},"_links":{"self":[{"href":"https:\/\/www.ikuchyne.sk\/eshop\/wp-json\/wp\/v2\/product\/12650"}],"collection":[{"href":"https:\/\/www.ikuchyne.sk\/eshop\/wp-json\/wp\/v2\/product"}],"about":[{"href":"https:\/\/www.ikuchyne.sk\/eshop\/wp-json\/wp\/v2\/types\/product"}],"replies":[{"embeddable":true,"href":"https:\/\/www.ikuchyne.sk\/eshop\/wp-json\/wp\/v2\/comments?post=12650"}],"wp:featuredmedia":[{"embeddable":true,"href":"https:\/\/www.ikuchyne.sk\/eshop\/wp-json\/wp\/v2\/media\/12651"}],"wp:attachment":[{"href":"https:\/\/www.ikuchyne.sk\/eshop\/wp-json\/wp\/v2\/media?parent=12650"}],"wp:term":[{"taxonomy":"product_cat","embeddable":true,"href":"https:\/\/www.ikuchyne.sk\/eshop\/wp-json\/wp\/v2\/product_cat?post=12650"},{"taxonomy":"product_tag","embeddable":true,"href":"https:\/\/www.ikuchyne.sk\/eshop\/wp-json\/wp\/v2\/product_tag?post=12650"}],"curies":[{"name":"wp","href":"https:\/\/api.w.org\/{rel}","templated":true}]}}