{"id":132884,"date":"2021-03-02T15:13:07","date_gmt":"2021-03-02T14:13:07","guid":{"rendered":"https:\/\/www.ikuchyne.sk\/eshop\/?post_type=product&#038;p=132884"},"modified":"2021-04-19T20:29:49","modified_gmt":"2021-04-19T18:29:49","slug":"regal-studio-180cm-dub-optik","status":"publish","type":"product","link":"https:\/\/www.ikuchyne.sk\/eshop\/produkt\/regal-studio-180cm-dub-optik\/","title":{"rendered":"Reg\u00e1l Studio 180cm dub-Optik \u00bb"},"content":{"rendered":"<h1>Reg\u00e1l Studio 180cm dub-Optik \u00bb<\/h1>\n<h4><strong>V\u0161eobecn\u00fd popis:<\/strong><\/h4>\n<p>Reg\u00e1l Studio 180cm dub-Optik s piatimi priestrann\u00fdmi priehradkami. Police s\u00fa navrhnut\u00e9 v pr\u00edrodnom dubovom vzh\u013eade. \u010cierny r\u00e1m vytv\u00e1ra harmonick\u00fd kontrast so svetl\u00fdm drevom. P\u00fatav\u00fd poh\u013ead vo va\u0161ej ob\u00fdvacej izbe aj v kancel\u00e1rii!<\/p>\n<p>Va\u0161e knihy a fascikle dostan\u00fa nov\u00fd domov! N\u00e1\u0161 ve\u013ek\u00fd reg\u00e1l STUDIO s piatimi priehradkami je dokonal\u00fdm doplnkom va\u0161ej atmosf\u00e9ry. Priehradky s\u00fa navrhnut\u00e9 v autentickom dubovom vzh\u013eade a vy\u017earuje z nich pr\u00edrodn\u00e9 \u010daro. \u010cierny kovov\u00fd r\u00e1m zais\u0165uje nielen stabiln\u00e9 st\u00e1tie, ale dod\u00e1va poli\u010dke aj jeho nezamenite\u013en\u00fd industri\u00e1lny n\u00e1dych. Aby poli\u010dka bezpe\u010dne st\u00e1la, m\u00e1 na zadnej strane aj praktick\u00e9 dr\u017eiaky na stenu, aby ste ju mohli pevne priskrutkova\u0165 k stene miestnosti.<\/p>\n<p>Polica, ktor\u00e1 sa d\u00e1 kombinova\u0165 na ve\u013ea sp\u00f4sobov. Farebn\u00e1 kompoz\u00edcia svetl\u00e9ho dreva a \u010dierneho kovu je absol\u00fatne nad\u010dasov\u00e1 a m\u00f4\u017eete ju s n\u00e1bytkom kombinova\u0165 r\u00f4znymi sp\u00f4sobmi. Priestrann\u00fd reg\u00e1l nielen dobre vyzer\u00e1 v ob\u00fdvacej izbe, ale je ide\u00e1lny aj do kancel\u00e1rie alebo do dom\u00e1cej pracovne. Na\u0161e odpor\u00fa\u010danie: v\u00e1\u0161 interi\u00e9r bude vyzera\u0165 obzvl\u00e1\u0161\u0165 harmonick\u00fd, ak umiestnite \u010fal\u0161\u00ed n\u00e1bytok z rovnomennej s\u00e9rie alebo \u017eiv\u00e9 doplnky v priemyselnom \u0161t\u00fdle!<\/p>\n<h4><strong>Detaily produktu:<\/strong><\/h4>\n<p>P\u00e4\u0165 ve\u013ek\u00fdch \u00falo\u017en\u00fdch priestorov pon\u00faka dostatok priestoru pre knihy, dekor\u00e1cie at\u010f. V\u010faka \u010diernemu kovov\u00e9mu r\u00e1mu polica d\u00fdcha \u0161t\u00fdlov\u00fdm industri\u00e1lnym n\u00e1dychom. S n\u00e1stenn\u00fdm dr\u017eiakom pre obzvl\u00e1\u0161\u0165 bezpe\u010dn\u00e9 st\u00e1tie na akomko\u013evek povrchu. Max. za\u0165a\u017eenie na priehradku: pribli\u017ene 20 kg. Romantick\u00fd dizajn a hrav\u00e1 v\u00fdzdoba nie s\u00fa v\u00f4bec va\u0161e gusto? Potom je priemyseln\u00fd \u0161t\u00fdl pre v\u00e1s to prav\u00e9. Hlavn\u00fdmi protagonistami s\u00fa tu redukovan\u00fd dizajn, hranat\u00e9 l\u00ednie a pevn\u00e9 materi\u00e1ly ako \u017eelezo, drevo a bet\u00f3n. Vhodn\u00e9 bytov\u00e9 doplnky pre kombinovanie interi\u00e9ru s t\u00fdmto reg\u00e1lom Studio n\u00e1jdete na na\u0161om e-shope v sekcii Bytov\u00e9 doplnky. Kontaktujte n\u00e1s a my v\u00e1m radi pom\u00f4\u017eeme s v\u00fdberom vhodn\u00fdch dekor\u00e1ci\u00ed a n\u00e1bytku do va\u0161ej dom\u00e1cnosti v akomko\u013evek \u0161t\u00fdle pre ka\u017ed\u00fa va\u0161u miestnos\u0165 u v\u00e1s doma.<\/p>\n<p><strong>Rozmery (cca):<\/strong><br \/>\n60cm x 180cm x 35cm (\u0160xVxH)<br \/>\n<strong>Priehradky na v\u00fd\u0161ku:<\/strong> 33cm<br \/>\n<b><br \/>\nFarba:\u00a0<\/b>pr\u00edrodn\u00fd dub, \u010dierna &#8211; Industri\u00e1lny \u0161t\u00fdl, Vintage vzh\u013ead<br \/>\n<b>Materi\u00e1l:<br \/>\n<\/b>Police: MDF, f\u00f3lia<br \/>\nR\u00e1m: kov<\/p>\n<p>V pr\u00edpade z\u00e1ujmu o in\u00fd n\u00e1bytok ako TV stol\u00edk, komodu, reg\u00e1l \u010di skrine, nav\u0161t\u00edvte sekciu n\u00e1bytok na <a href=\"https:\/\/www.ikuchyne.sk\/eshop\/kategoria\/nabytok\/\">www.ikuchyne.sk\/eshop<\/a><br \/>\nV pr\u00edpade z\u00e1ujmu o n\u00e1bytok na mieru n\u00e1s kontaktuje na <a href=\"http:\/\/www.ikuchyne.sk\">www.ikuchyne.sk<\/a><\/p>\n","protected":false},"excerpt":{"rendered":"<p>Reg\u00e1l Studio 180cm dub-Optik \u00bb V\u0161eobecn\u00fd popis: Reg\u00e1l Studio 180cm dub-Optik s piatimi priestrann\u00fdmi priehradkami. Police s\u00fa navrhnut\u00e9 v pr\u00edrodnom dubovom vzh\u013eade. \u010cierny r\u00e1m vytv\u00e1ra harmonick\u00fd kontrast so svetl\u00fdm drevom.<\/p>\n","protected":false},"featured_media":132885,"comment_status":"closed","ping_status":"closed","template":"","meta":[],"product_cat":[293,286,772,296,292],"product_tag":[187,736,2858],"yoast_head":"<!-- This site is optimized with the Yoast SEO plugin v22.1 - https:\/\/yoast.com\/wordpress\/plugins\/seo\/ -->\n<title>Reg\u00e1l Studio 180cm dub-Optik \u00bb &#187; iKuchyne iSHOP s n\u00e1bytkom<\/title>\n<meta name=\"description\" content=\"Reg\u00e1l Studio 180cm dub-Optik \u00bb - r\u00fdchle dodanie, poradenstvo, n\u00e1bytok skladom v Bratislave s ikuchyne.sk - kuchyne na mieru.\" \/>\n<meta name=\"robots\" content=\"index, follow, max-snippet:-1, max-image-preview:large, max-video-preview:-1\" \/>\n<link rel=\"canonical\" href=\"https:\/\/www.ikuchyne.sk\/eshop\/produkt\/regal-studio-180cm-dub-optik\/\" \/>\n<meta property=\"og:locale\" content=\"sk_SK\" \/>\n<meta property=\"og:type\" content=\"article\" \/>\n<meta property=\"og:title\" content=\"Reg\u00e1l Studio 180cm dub-Optik \u00bb &#187; iKuchyne iSHOP s n\u00e1bytkom\" \/>\n<meta property=\"og:description\" content=\"Reg\u00e1l Studio 180cm dub-Optik \u00bb - r\u00fdchle dodanie, poradenstvo, n\u00e1bytok skladom v Bratislave s ikuchyne.sk - kuchyne na mieru.\" \/>\n<meta property=\"og:url\" content=\"https:\/\/www.ikuchyne.sk\/eshop\/produkt\/regal-studio-180cm-dub-optik\/\" \/>\n<meta property=\"og:site_name\" content=\"iKuchyne iSHOP s n\u00e1bytkom\" \/>\n<meta property=\"article:publisher\" content=\"https:\/\/www.facebook.com\/ikuchyne\/\" \/>\n<meta property=\"article:modified_time\" content=\"2021-04-19T18:29:49+00:00\" \/>\n<meta property=\"og:image\" content=\"https:\/\/www.ikuchyne.sk\/eshop\/wp-content\/uploads\/2020\/10\/Reg\u00e1l-Studio-180cm-dub-Optik-40627.jpg\" \/>\n\t<meta property=\"og:image:width\" content=\"800\" \/>\n\t<meta property=\"og:image:height\" content=\"533\" \/>\n\t<meta property=\"og:image:type\" content=\"image\/jpeg\" \/>\n<meta name=\"twitter:card\" content=\"summary_large_image\" \/>\n<meta name=\"twitter:label1\" content=\"Predpokladan\u00fd \u010das \u010d\u00edtania\" \/>\n\t<meta name=\"twitter:data1\" content=\"2 min\u00faty\" \/>\n<script type=\"application\/ld+json\" class=\"yoast-schema-graph\">{\"@context\":\"https:\/\/schema.org\",\"@graph\":[{\"@type\":\"WebPage\",\"@id\":\"https:\/\/www.ikuchyne.sk\/eshop\/produkt\/regal-studio-180cm-dub-optik\/\",\"url\":\"https:\/\/www.ikuchyne.sk\/eshop\/produkt\/regal-studio-180cm-dub-optik\/\",\"name\":\"Reg\u00e1l Studio 180cm dub-Optik \u00bb &#187; iKuchyne iSHOP s n\u00e1bytkom\",\"isPartOf\":{\"@id\":\"https:\/\/www.ikuchyne.sk\/eshop\/#website\"},\"datePublished\":\"2021-03-02T14:13:07+00:00\",\"dateModified\":\"2021-04-19T18:29:49+00:00\",\"description\":\"Reg\u00e1l Studio 180cm dub-Optik \u00bb - r\u00fdchle dodanie, poradenstvo, n\u00e1bytok skladom v Bratislave s ikuchyne.sk - kuchyne na mieru.\",\"breadcrumb\":{\"@id\":\"https:\/\/www.ikuchyne.sk\/eshop\/produkt\/regal-studio-180cm-dub-optik\/#breadcrumb\"},\"inLanguage\":\"sk-SK\",\"potentialAction\":[{\"@type\":\"ReadAction\",\"target\":[\"https:\/\/www.ikuchyne.sk\/eshop\/produkt\/regal-studio-180cm-dub-optik\/\"]}]},{\"@type\":\"BreadcrumbList\",\"@id\":\"https:\/\/www.ikuchyne.sk\/eshop\/produkt\/regal-studio-180cm-dub-optik\/#breadcrumb\",\"itemListElement\":[{\"@type\":\"ListItem\",\"position\":1,\"name\":\"Home\",\"item\":\"https:\/\/www.ikuchyne.sk\/eshop\/\"},{\"@type\":\"ListItem\",\"position\":2,\"name\":\"Obchod\",\"item\":\"https:\/\/www.ikuchyne.sk\/eshop\/obchod\/\"},{\"@type\":\"ListItem\",\"position\":3,\"name\":\"Reg\u00e1l Studio 180cm dub-Optik \u00bb\"}]},{\"@type\":\"WebSite\",\"@id\":\"https:\/\/www.ikuchyne.sk\/eshop\/#website\",\"url\":\"https:\/\/www.ikuchyne.sk\/eshop\/\",\"name\":\"iKuchyne iSHOP s n\u00e1bytkom\",\"description\":\"Jed\u00e1lensk\u00e9 stoly, stoli\u010dky, n\u00e1bytok, svietidl\u00e1...\",\"publisher\":{\"@id\":\"https:\/\/www.ikuchyne.sk\/eshop\/#organization\"},\"potentialAction\":[{\"@type\":\"SearchAction\",\"target\":{\"@type\":\"EntryPoint\",\"urlTemplate\":\"https:\/\/www.ikuchyne.sk\/eshop\/?s={search_term_string}\"},\"query-input\":\"required name=search_term_string\"}],\"inLanguage\":\"sk-SK\"},{\"@type\":\"Organization\",\"@id\":\"https:\/\/www.ikuchyne.sk\/eshop\/#organization\",\"name\":\"ikuchyne!\",\"url\":\"https:\/\/www.ikuchyne.sk\/eshop\/\",\"logo\":{\"@type\":\"ImageObject\",\"inLanguage\":\"sk-SK\",\"@id\":\"https:\/\/www.ikuchyne.sk\/eshop\/#\/schema\/logo\/image\/\",\"url\":\"https:\/\/www.ikuchyne.sk\/eshop\/wp-content\/uploads\/2017\/04\/ikuchyne-logo.jpg\",\"contentUrl\":\"https:\/\/www.ikuchyne.sk\/eshop\/wp-content\/uploads\/2017\/04\/ikuchyne-logo.jpg\",\"width\":200,\"height\":48,\"caption\":\"ikuchyne!\"},\"image\":{\"@id\":\"https:\/\/www.ikuchyne.sk\/eshop\/#\/schema\/logo\/image\/\"},\"sameAs\":[\"https:\/\/www.facebook.com\/ikuchyne\/\",\"https:\/\/www.instagram.com\/ikuchyne.sk\/\",\"https:\/\/sk.pinterest.com\/ikuchynesk\/\"]}]}<\/script>\n<!-- \/ Yoast SEO plugin. -->","yoast_head_json":{"title":"Reg\u00e1l Studio 180cm dub-Optik \u00bb &#187; iKuchyne iSHOP s n\u00e1bytkom","description":"Reg\u00e1l Studio 180cm dub-Optik \u00bb - r\u00fdchle dodanie, poradenstvo, n\u00e1bytok skladom v Bratislave s ikuchyne.sk - kuchyne na mieru.","robots":{"index":"index","follow":"follow","max-snippet":"max-snippet:-1","max-image-preview":"max-image-preview:large","max-video-preview":"max-video-preview:-1"},"canonical":"https:\/\/www.ikuchyne.sk\/eshop\/produkt\/regal-studio-180cm-dub-optik\/","og_locale":"sk_SK","og_type":"article","og_title":"Reg\u00e1l Studio 180cm dub-Optik \u00bb &#187; iKuchyne iSHOP s n\u00e1bytkom","og_description":"Reg\u00e1l Studio 180cm dub-Optik \u00bb - r\u00fdchle dodanie, poradenstvo, n\u00e1bytok skladom v Bratislave s ikuchyne.sk - kuchyne na mieru.","og_url":"https:\/\/www.ikuchyne.sk\/eshop\/produkt\/regal-studio-180cm-dub-optik\/","og_site_name":"iKuchyne iSHOP s n\u00e1bytkom","article_publisher":"https:\/\/www.facebook.com\/ikuchyne\/","article_modified_time":"2021-04-19T18:29:49+00:00","og_image":[{"width":800,"height":533,"url":"https:\/\/www.ikuchyne.sk\/eshop\/wp-content\/uploads\/2020\/10\/Reg\u00e1l-Studio-180cm-dub-Optik-40627.jpg","type":"image\/jpeg"}],"twitter_card":"summary_large_image","twitter_misc":{"Predpokladan\u00fd \u010das \u010d\u00edtania":"2 min\u00faty"},"schema":{"@context":"https:\/\/schema.org","@graph":[{"@type":"WebPage","@id":"https:\/\/www.ikuchyne.sk\/eshop\/produkt\/regal-studio-180cm-dub-optik\/","url":"https:\/\/www.ikuchyne.sk\/eshop\/produkt\/regal-studio-180cm-dub-optik\/","name":"Reg\u00e1l Studio 180cm dub-Optik \u00bb &#187; iKuchyne iSHOP s n\u00e1bytkom","isPartOf":{"@id":"https:\/\/www.ikuchyne.sk\/eshop\/#website"},"datePublished":"2021-03-02T14:13:07+00:00","dateModified":"2021-04-19T18:29:49+00:00","description":"Reg\u00e1l Studio 180cm dub-Optik \u00bb - r\u00fdchle dodanie, poradenstvo, n\u00e1bytok skladom v Bratislave s ikuchyne.sk - kuchyne na mieru.","breadcrumb":{"@id":"https:\/\/www.ikuchyne.sk\/eshop\/produkt\/regal-studio-180cm-dub-optik\/#breadcrumb"},"inLanguage":"sk-SK","potentialAction":[{"@type":"ReadAction","target":["https:\/\/www.ikuchyne.sk\/eshop\/produkt\/regal-studio-180cm-dub-optik\/"]}]},{"@type":"BreadcrumbList","@id":"https:\/\/www.ikuchyne.sk\/eshop\/produkt\/regal-studio-180cm-dub-optik\/#breadcrumb","itemListElement":[{"@type":"ListItem","position":1,"name":"Home","item":"https:\/\/www.ikuchyne.sk\/eshop\/"},{"@type":"ListItem","position":2,"name":"Obchod","item":"https:\/\/www.ikuchyne.sk\/eshop\/obchod\/"},{"@type":"ListItem","position":3,"name":"Reg\u00e1l Studio 180cm dub-Optik \u00bb"}]},{"@type":"WebSite","@id":"https:\/\/www.ikuchyne.sk\/eshop\/#website","url":"https:\/\/www.ikuchyne.sk\/eshop\/","name":"iKuchyne iSHOP s n\u00e1bytkom","description":"Jed\u00e1lensk\u00e9 stoly, stoli\u010dky, n\u00e1bytok, svietidl\u00e1...","publisher":{"@id":"https:\/\/www.ikuchyne.sk\/eshop\/#organization"},"potentialAction":[{"@type":"SearchAction","target":{"@type":"EntryPoint","urlTemplate":"https:\/\/www.ikuchyne.sk\/eshop\/?s={search_term_string}"},"query-input":"required name=search_term_string"}],"inLanguage":"sk-SK"},{"@type":"Organization","@id":"https:\/\/www.ikuchyne.sk\/eshop\/#organization","name":"ikuchyne!","url":"https:\/\/www.ikuchyne.sk\/eshop\/","logo":{"@type":"ImageObject","inLanguage":"sk-SK","@id":"https:\/\/www.ikuchyne.sk\/eshop\/#\/schema\/logo\/image\/","url":"https:\/\/www.ikuchyne.sk\/eshop\/wp-content\/uploads\/2017\/04\/ikuchyne-logo.jpg","contentUrl":"https:\/\/www.ikuchyne.sk\/eshop\/wp-content\/uploads\/2017\/04\/ikuchyne-logo.jpg","width":200,"height":48,"caption":"ikuchyne!"},"image":{"@id":"https:\/\/www.ikuchyne.sk\/eshop\/#\/schema\/logo\/image\/"},"sameAs":["https:\/\/www.facebook.com\/ikuchyne\/","https:\/\/www.instagram.com\/ikuchyne.sk\/","https:\/\/sk.pinterest.com\/ikuchynesk\/"]}]}},"_links":{"self":[{"href":"https:\/\/www.ikuchyne.sk\/eshop\/wp-json\/wp\/v2\/product\/132884"}],"collection":[{"href":"https:\/\/www.ikuchyne.sk\/eshop\/wp-json\/wp\/v2\/product"}],"about":[{"href":"https:\/\/www.ikuchyne.sk\/eshop\/wp-json\/wp\/v2\/types\/product"}],"replies":[{"embeddable":true,"href":"https:\/\/www.ikuchyne.sk\/eshop\/wp-json\/wp\/v2\/comments?post=132884"}],"wp:featuredmedia":[{"embeddable":true,"href":"https:\/\/www.ikuchyne.sk\/eshop\/wp-json\/wp\/v2\/media\/132885"}],"wp:attachment":[{"href":"https:\/\/www.ikuchyne.sk\/eshop\/wp-json\/wp\/v2\/media?parent=132884"}],"wp:term":[{"taxonomy":"product_cat","embeddable":true,"href":"https:\/\/www.ikuchyne.sk\/eshop\/wp-json\/wp\/v2\/product_cat?post=132884"},{"taxonomy":"product_tag","embeddable":true,"href":"https:\/\/www.ikuchyne.sk\/eshop\/wp-json\/wp\/v2\/product_tag?post=132884"}],"curies":[{"name":"wp","href":"https:\/\/api.w.org\/{rel}","templated":true}]}}