{"id":5146,"date":"2017-10-19T13:48:01","date_gmt":"2017-10-19T11:48:01","guid":{"rendered":"http:\/\/potocan.com\/eshop\/produkt\/luster-karat-s-5-ramenny-cierna\/"},"modified":"2024-01-12T09:02:33","modified_gmt":"2024-01-12T08:02:33","slug":"cierny-5-ramenny-luster-karat-s","status":"publish","type":"product","link":"https:\/\/www.ikuchyne.sk\/eshop\/produkt\/cierny-5-ramenny-luster-karat-s\/","title":{"rendered":"\u010cierny 5-ramenn\u00fd luster Karat S \u00bb"},"content":{"rendered":"<h1>\u010cierny 5-ramenn\u00fd luster Karat S<\/h1>\n<p><strong>V\u0161eobecn\u00fd opis z\u00e1vesnej lampy:<br \/>\n<\/strong>Tento elegantn\u00fd luster s glamour dizajnom oslov\u00ed aj\u00a0 n\u00e1ro\u010dnej\u0161\u00edch klientov. Jeho p\u00fatav\u00e9 dizajnov\u00e9 prevedenie je umocnen\u00e9 \u010diernymi kry\u0161t\u00e1lmi, ktor\u00e9 \u00fa\u017easne odr\u00e1\u017eaj\u00fa svetlo. Jeho ve\u013ekou v\u00fdhodou je, \u017ee na seba strhne pozornos\u0165 aj po\u010das d\u0148a. Luster je tvoren\u00fd piatimi ramenami, na ktor\u00fdch koncoch sa t\u00fd\u010dia \u017eiarovky v tvare sviec. Vynikne vo v\u00e4\u010d\u0161\u00edch miestnostiach, \u010di u\u017e v modernom alebo secesnom \u0161t\u00fdle s n\u00e1dychom luxusu. Svietidl\u00e1 s\u00fa prisp\u00f4soben\u00e9 na \u017eiarovky so z\u00e1vitom E14. Luster sa dod\u00e1va bez \u017eiaroviek.<\/p>\n<p><strong>\u010eal\u0161ie inform\u00e1cie:<br \/>\n<\/strong>V pr\u00edpade zne\u010distenia, pou\u017eite prachovku alebo pr\u00edpravky na \u010distenie svietidiel a m\u00e4kk\u00fa handri\u010dku. Nikdy nemanipulujte so svietidlom pod nap\u00e4t\u00edm.<\/p>\n<p><b>Rozmery z\u00e1vesnej lampy:<br \/>\n<\/b>41 x\u00a037 cm\u00a0(Vx\u00d8)<\/p>\n<p><strong>Technick\u00e9 parametre:<br \/>\n<\/strong>zdroj: 5 x E14 max. 25W<br \/>\nenergetick\u00e1 trieda\u00a0A++ a\u017e E<\/p>\n<p><b>Materi\u00e1l:<\/b>\u00a0akryl, kov<\/p>\n<p><b>Farba:\u00a0<\/b>\u010dierna<\/p>\n","protected":false},"excerpt":{"rendered":"<p>\u010cierny 5-ramenn\u00fd luster Karat S V\u0161eobecn\u00fd opis z\u00e1vesnej lampy: Tento elegantn\u00fd luster s glamour dizajnom oslov\u00ed aj\u00a0 n\u00e1ro\u010dnej\u0161\u00edch klientov. Jeho p\u00fatav\u00e9 dizajnov\u00e9 prevedenie je umocnen\u00e9 \u010diernymi kry\u0161t\u00e1lmi, ktor\u00e9 \u00fa\u017easne odr\u00e1\u017eaj\u00fa<\/p>\n","protected":false},"featured_media":5147,"comment_status":"open","ping_status":"closed","template":"","meta":[],"product_cat":[183,885,893],"product_tag":[256],"yoast_head":"<!-- This site is optimized with the Yoast SEO plugin v22.1 - https:\/\/yoast.com\/wordpress\/plugins\/seo\/ -->\n<title>\u010cierny 5-ramenn\u00fd luster Karat S \u00bb &#187; iKuchyne iSHOP s n\u00e1bytkom<\/title>\n<meta name=\"description\" content=\"K\u00fapte si u n\u00e1s \u010cierny 5-ramenn\u00fd luster Karat S \u00bb za akciov\u00fa cenu. R\u00fdchle dodanie tovaru, odborn\u00e9 poradenstvo a stovky produktov skladom. \u010cierny 5-ramenn\u00fd luster Karat S \u00bb sa stane dominantou V\u00e1\u0161ho interi\u00e9ru. Internetov\u00fd obchod ikuchyne! pon\u00faka odber \u010cierny 5-ramenn\u00fd luster Karat S \u00bb u\u017e od 1 kusu.\" \/>\n<meta name=\"robots\" content=\"index, follow, max-snippet:-1, max-image-preview:large, max-video-preview:-1\" \/>\n<link rel=\"canonical\" href=\"https:\/\/www.ikuchyne.sk\/eshop\/produkt\/cierny-5-ramenny-luster-karat-s\/\" \/>\n<meta property=\"og:locale\" content=\"sk_SK\" \/>\n<meta property=\"og:type\" content=\"article\" \/>\n<meta property=\"og:title\" content=\"\u010cierny 5-ramenn\u00fd luster Karat S \u00bb &#187; iKuchyne iSHOP s n\u00e1bytkom\" \/>\n<meta property=\"og:description\" content=\"K\u00fapte si u n\u00e1s \u010cierny 5-ramenn\u00fd luster Karat S \u00bb za akciov\u00fa cenu. R\u00fdchle dodanie tovaru, odborn\u00e9 poradenstvo a stovky produktov skladom. \u010cierny 5-ramenn\u00fd luster Karat S \u00bb sa stane dominantou V\u00e1\u0161ho interi\u00e9ru. Internetov\u00fd obchod ikuchyne! pon\u00faka odber \u010cierny 5-ramenn\u00fd luster Karat S \u00bb u\u017e od 1 kusu.\" \/>\n<meta property=\"og:url\" content=\"https:\/\/www.ikuchyne.sk\/eshop\/produkt\/cierny-5-ramenny-luster-karat-s\/\" \/>\n<meta property=\"og:site_name\" content=\"iKuchyne iSHOP s n\u00e1bytkom\" \/>\n<meta property=\"article:publisher\" content=\"https:\/\/www.facebook.com\/ikuchyne\/\" \/>\n<meta property=\"article:modified_time\" content=\"2024-01-12T08:02:33+00:00\" \/>\n<meta property=\"og:image\" content=\"https:\/\/www.ikuchyne.sk\/eshop\/wp-content\/uploads\/2017\/04\/zavesna-lampa-ador-stout-cierna-13.jpg\" \/>\n\t<meta property=\"og:image:width\" content=\"800\" \/>\n\t<meta property=\"og:image:height\" content=\"533\" \/>\n\t<meta property=\"og:image:type\" content=\"image\/jpeg\" \/>\n<meta name=\"twitter:card\" content=\"summary_large_image\" \/>\n<meta name=\"twitter:label1\" content=\"Predpokladan\u00fd \u010das \u010d\u00edtania\" \/>\n\t<meta name=\"twitter:data1\" content=\"1 min\u00fata\" \/>\n<script type=\"application\/ld+json\" class=\"yoast-schema-graph\">{\"@context\":\"https:\/\/schema.org\",\"@graph\":[{\"@type\":\"WebPage\",\"@id\":\"https:\/\/www.ikuchyne.sk\/eshop\/produkt\/cierny-5-ramenny-luster-karat-s\/\",\"url\":\"https:\/\/www.ikuchyne.sk\/eshop\/produkt\/cierny-5-ramenny-luster-karat-s\/\",\"name\":\"\u010cierny 5-ramenn\u00fd luster Karat S \u00bb &#187; iKuchyne iSHOP s n\u00e1bytkom\",\"isPartOf\":{\"@id\":\"https:\/\/www.ikuchyne.sk\/eshop\/#website\"},\"datePublished\":\"2017-10-19T11:48:01+00:00\",\"dateModified\":\"2024-01-12T08:02:33+00:00\",\"description\":\"K\u00fapte si u n\u00e1s \u010cierny 5-ramenn\u00fd luster Karat S \u00bb za akciov\u00fa cenu. R\u00fdchle dodanie tovaru, odborn\u00e9 poradenstvo a stovky produktov skladom. \u010cierny 5-ramenn\u00fd luster Karat S \u00bb sa stane dominantou V\u00e1\u0161ho interi\u00e9ru. Internetov\u00fd obchod ikuchyne! pon\u00faka odber \u010cierny 5-ramenn\u00fd luster Karat S \u00bb u\u017e od 1 kusu.\",\"breadcrumb\":{\"@id\":\"https:\/\/www.ikuchyne.sk\/eshop\/produkt\/cierny-5-ramenny-luster-karat-s\/#breadcrumb\"},\"inLanguage\":\"sk-SK\",\"potentialAction\":[{\"@type\":\"ReadAction\",\"target\":[\"https:\/\/www.ikuchyne.sk\/eshop\/produkt\/cierny-5-ramenny-luster-karat-s\/\"]}]},{\"@type\":\"BreadcrumbList\",\"@id\":\"https:\/\/www.ikuchyne.sk\/eshop\/produkt\/cierny-5-ramenny-luster-karat-s\/#breadcrumb\",\"itemListElement\":[{\"@type\":\"ListItem\",\"position\":1,\"name\":\"Home\",\"item\":\"https:\/\/www.ikuchyne.sk\/eshop\/\"},{\"@type\":\"ListItem\",\"position\":2,\"name\":\"Obchod\",\"item\":\"https:\/\/www.ikuchyne.sk\/eshop\/obchod\/\"},{\"@type\":\"ListItem\",\"position\":3,\"name\":\"\u010cierny 5-ramenn\u00fd luster Karat S \u00bb\"}]},{\"@type\":\"WebSite\",\"@id\":\"https:\/\/www.ikuchyne.sk\/eshop\/#website\",\"url\":\"https:\/\/www.ikuchyne.sk\/eshop\/\",\"name\":\"iKuchyne iSHOP s n\u00e1bytkom\",\"description\":\"Jed\u00e1lensk\u00e9 stoly, stoli\u010dky, n\u00e1bytok, svietidl\u00e1...\",\"publisher\":{\"@id\":\"https:\/\/www.ikuchyne.sk\/eshop\/#organization\"},\"potentialAction\":[{\"@type\":\"SearchAction\",\"target\":{\"@type\":\"EntryPoint\",\"urlTemplate\":\"https:\/\/www.ikuchyne.sk\/eshop\/?s={search_term_string}\"},\"query-input\":\"required name=search_term_string\"}],\"inLanguage\":\"sk-SK\"},{\"@type\":\"Organization\",\"@id\":\"https:\/\/www.ikuchyne.sk\/eshop\/#organization\",\"name\":\"ikuchyne!\",\"url\":\"https:\/\/www.ikuchyne.sk\/eshop\/\",\"logo\":{\"@type\":\"ImageObject\",\"inLanguage\":\"sk-SK\",\"@id\":\"https:\/\/www.ikuchyne.sk\/eshop\/#\/schema\/logo\/image\/\",\"url\":\"https:\/\/www.ikuchyne.sk\/eshop\/wp-content\/uploads\/2017\/04\/ikuchyne-logo.jpg\",\"contentUrl\":\"https:\/\/www.ikuchyne.sk\/eshop\/wp-content\/uploads\/2017\/04\/ikuchyne-logo.jpg\",\"width\":200,\"height\":48,\"caption\":\"ikuchyne!\"},\"image\":{\"@id\":\"https:\/\/www.ikuchyne.sk\/eshop\/#\/schema\/logo\/image\/\"},\"sameAs\":[\"https:\/\/www.facebook.com\/ikuchyne\/\",\"https:\/\/www.instagram.com\/ikuchyne.sk\/\",\"https:\/\/sk.pinterest.com\/ikuchynesk\/\"]}]}<\/script>\n<!-- \/ Yoast SEO plugin. -->","yoast_head_json":{"title":"\u010cierny 5-ramenn\u00fd luster Karat S \u00bb &#187; iKuchyne iSHOP s n\u00e1bytkom","description":"K\u00fapte si u n\u00e1s \u010cierny 5-ramenn\u00fd luster Karat S \u00bb za akciov\u00fa cenu. R\u00fdchle dodanie tovaru, odborn\u00e9 poradenstvo a stovky produktov skladom. \u010cierny 5-ramenn\u00fd luster Karat S \u00bb sa stane dominantou V\u00e1\u0161ho interi\u00e9ru. Internetov\u00fd obchod ikuchyne! pon\u00faka odber \u010cierny 5-ramenn\u00fd luster Karat S \u00bb u\u017e od 1 kusu.","robots":{"index":"index","follow":"follow","max-snippet":"max-snippet:-1","max-image-preview":"max-image-preview:large","max-video-preview":"max-video-preview:-1"},"canonical":"https:\/\/www.ikuchyne.sk\/eshop\/produkt\/cierny-5-ramenny-luster-karat-s\/","og_locale":"sk_SK","og_type":"article","og_title":"\u010cierny 5-ramenn\u00fd luster Karat S \u00bb &#187; iKuchyne iSHOP s n\u00e1bytkom","og_description":"K\u00fapte si u n\u00e1s \u010cierny 5-ramenn\u00fd luster Karat S \u00bb za akciov\u00fa cenu. R\u00fdchle dodanie tovaru, odborn\u00e9 poradenstvo a stovky produktov skladom. \u010cierny 5-ramenn\u00fd luster Karat S \u00bb sa stane dominantou V\u00e1\u0161ho interi\u00e9ru. Internetov\u00fd obchod ikuchyne! pon\u00faka odber \u010cierny 5-ramenn\u00fd luster Karat S \u00bb u\u017e od 1 kusu.","og_url":"https:\/\/www.ikuchyne.sk\/eshop\/produkt\/cierny-5-ramenny-luster-karat-s\/","og_site_name":"iKuchyne iSHOP s n\u00e1bytkom","article_publisher":"https:\/\/www.facebook.com\/ikuchyne\/","article_modified_time":"2024-01-12T08:02:33+00:00","og_image":[{"width":800,"height":533,"url":"https:\/\/www.ikuchyne.sk\/eshop\/wp-content\/uploads\/2017\/04\/zavesna-lampa-ador-stout-cierna-13.jpg","type":"image\/jpeg"}],"twitter_card":"summary_large_image","twitter_misc":{"Predpokladan\u00fd \u010das \u010d\u00edtania":"1 min\u00fata"},"schema":{"@context":"https:\/\/schema.org","@graph":[{"@type":"WebPage","@id":"https:\/\/www.ikuchyne.sk\/eshop\/produkt\/cierny-5-ramenny-luster-karat-s\/","url":"https:\/\/www.ikuchyne.sk\/eshop\/produkt\/cierny-5-ramenny-luster-karat-s\/","name":"\u010cierny 5-ramenn\u00fd luster Karat S \u00bb &#187; iKuchyne iSHOP s n\u00e1bytkom","isPartOf":{"@id":"https:\/\/www.ikuchyne.sk\/eshop\/#website"},"datePublished":"2017-10-19T11:48:01+00:00","dateModified":"2024-01-12T08:02:33+00:00","description":"K\u00fapte si u n\u00e1s \u010cierny 5-ramenn\u00fd luster Karat S \u00bb za akciov\u00fa cenu. R\u00fdchle dodanie tovaru, odborn\u00e9 poradenstvo a stovky produktov skladom. \u010cierny 5-ramenn\u00fd luster Karat S \u00bb sa stane dominantou V\u00e1\u0161ho interi\u00e9ru. Internetov\u00fd obchod ikuchyne! pon\u00faka odber \u010cierny 5-ramenn\u00fd luster Karat S \u00bb u\u017e od 1 kusu.","breadcrumb":{"@id":"https:\/\/www.ikuchyne.sk\/eshop\/produkt\/cierny-5-ramenny-luster-karat-s\/#breadcrumb"},"inLanguage":"sk-SK","potentialAction":[{"@type":"ReadAction","target":["https:\/\/www.ikuchyne.sk\/eshop\/produkt\/cierny-5-ramenny-luster-karat-s\/"]}]},{"@type":"BreadcrumbList","@id":"https:\/\/www.ikuchyne.sk\/eshop\/produkt\/cierny-5-ramenny-luster-karat-s\/#breadcrumb","itemListElement":[{"@type":"ListItem","position":1,"name":"Home","item":"https:\/\/www.ikuchyne.sk\/eshop\/"},{"@type":"ListItem","position":2,"name":"Obchod","item":"https:\/\/www.ikuchyne.sk\/eshop\/obchod\/"},{"@type":"ListItem","position":3,"name":"\u010cierny 5-ramenn\u00fd luster Karat S \u00bb"}]},{"@type":"WebSite","@id":"https:\/\/www.ikuchyne.sk\/eshop\/#website","url":"https:\/\/www.ikuchyne.sk\/eshop\/","name":"iKuchyne iSHOP s n\u00e1bytkom","description":"Jed\u00e1lensk\u00e9 stoly, stoli\u010dky, n\u00e1bytok, svietidl\u00e1...","publisher":{"@id":"https:\/\/www.ikuchyne.sk\/eshop\/#organization"},"potentialAction":[{"@type":"SearchAction","target":{"@type":"EntryPoint","urlTemplate":"https:\/\/www.ikuchyne.sk\/eshop\/?s={search_term_string}"},"query-input":"required name=search_term_string"}],"inLanguage":"sk-SK"},{"@type":"Organization","@id":"https:\/\/www.ikuchyne.sk\/eshop\/#organization","name":"ikuchyne!","url":"https:\/\/www.ikuchyne.sk\/eshop\/","logo":{"@type":"ImageObject","inLanguage":"sk-SK","@id":"https:\/\/www.ikuchyne.sk\/eshop\/#\/schema\/logo\/image\/","url":"https:\/\/www.ikuchyne.sk\/eshop\/wp-content\/uploads\/2017\/04\/ikuchyne-logo.jpg","contentUrl":"https:\/\/www.ikuchyne.sk\/eshop\/wp-content\/uploads\/2017\/04\/ikuchyne-logo.jpg","width":200,"height":48,"caption":"ikuchyne!"},"image":{"@id":"https:\/\/www.ikuchyne.sk\/eshop\/#\/schema\/logo\/image\/"},"sameAs":["https:\/\/www.facebook.com\/ikuchyne\/","https:\/\/www.instagram.com\/ikuchyne.sk\/","https:\/\/sk.pinterest.com\/ikuchynesk\/"]}]}},"_links":{"self":[{"href":"https:\/\/www.ikuchyne.sk\/eshop\/wp-json\/wp\/v2\/product\/5146"}],"collection":[{"href":"https:\/\/www.ikuchyne.sk\/eshop\/wp-json\/wp\/v2\/product"}],"about":[{"href":"https:\/\/www.ikuchyne.sk\/eshop\/wp-json\/wp\/v2\/types\/product"}],"replies":[{"embeddable":true,"href":"https:\/\/www.ikuchyne.sk\/eshop\/wp-json\/wp\/v2\/comments?post=5146"}],"wp:featuredmedia":[{"embeddable":true,"href":"https:\/\/www.ikuchyne.sk\/eshop\/wp-json\/wp\/v2\/media\/5147"}],"wp:attachment":[{"href":"https:\/\/www.ikuchyne.sk\/eshop\/wp-json\/wp\/v2\/media?parent=5146"}],"wp:term":[{"taxonomy":"product_cat","embeddable":true,"href":"https:\/\/www.ikuchyne.sk\/eshop\/wp-json\/wp\/v2\/product_cat?post=5146"},{"taxonomy":"product_tag","embeddable":true,"href":"https:\/\/www.ikuchyne.sk\/eshop\/wp-json\/wp\/v2\/product_tag?post=5146"}],"curies":[{"name":"wp","href":"https:\/\/api.w.org\/{rel}","templated":true}]}}