{"id":81324,"date":"2018-11-29T17:16:52","date_gmt":"2018-11-29T16:16:52","guid":{"rendered":"https:\/\/ikuchyne.sk\/eshop\/?post_type=product&#038;p=81324"},"modified":"2024-03-10T19:20:00","modified_gmt":"2024-03-10T18:20:00","slug":"siva-barova-stolicka-modena","status":"publish","type":"product","link":"https:\/\/www.ikuchyne.sk\/eshop\/produkt\/siva-barova-stolicka-modena\/","title":{"rendered":"Siv\u00e1 barov\u00e1 stoli\u010dka Modena \u00bb"},"content":{"rendered":"<h1>Siv\u00e1 barov\u00e1 stoli\u010dka Modena<\/h1>\n<p><strong>V\u0161eobecn\u00fd opis stoli\u010dky:<br \/>\n<\/strong>Vkusn\u00e1 barov\u00e1 stoli\u010dka s n\u00edzkym operadlom a \u010dal\u00fanen\u00fdm sed\u00e1kom z tmav\u00e9ho siv\u00e9ho mikrovl\u00e1kna je vhodn\u00e1 do modern\u00e9ho interi\u00e9ru. T\u00e1to stoli\u010dka vynikaj\u00faco dopln\u00ed v\u00e1\u0161 barov\u00fd st\u00f4l alebo ju m\u00f4\u017eete umiestni\u0165 ku kuchynsk\u00e9mu ostrov\u010deku. Vonkaj\u0161ia strana ostrova je ide\u00e1lnym miestom pre umiestnenie barov\u00fdch stoli\u010diek. Tmavosiv\u00fd sed\u00e1k je detailne pre\u0161it\u00fd a \u010dal\u00fanen\u00fd mikrovl\u00e1knom. \u017delezn\u00fa podno\u017e tvor\u00ed\u00a0jedna mas\u00edvna noha v strede stoli\u010dky, ktorej v\u00fd\u0161ka sa d\u00e1 regulova\u0165. T\u00e1to noha je \u010diernej farby. Ve\u013emi praktick\u00fdm detailom je opierka na nohy v dolnej \u010dasti stoli\u010dky. T\u00e1to stoli\u010dka je dizajnovo zhotoven\u00e1 tak, aby sa stala \u0161t\u00fdlov\u00fdm doplnkom k v\u00e1\u0161mu baru.<\/p>\n<p><strong>Sed\u00e1k stoli\u010dky:<br \/>\n<\/strong>M\u00e4kk\u00fd \u010dal\u00fanen\u00fd sed\u00e1k je z detailne pre\u0161it\u00e9ho tmavosiv\u00e9ho mikrovl\u00e1kna.<\/p>\n<p><strong>Podno\u017e stoli\u010dky:<br \/>\n<\/strong>Podno\u017e stoli\u010dky\u00a0tvor\u00ed\u00a0jedna \u010dierna mas\u00edvna noha v strede stoli\u010dky, ktorej v\u00fd\u0161ka sa d\u00e1 regulova\u0165. V jej dolnej \u010dasti sa nach\u00e1dza opierka na nohy.<\/p>\n<p><strong>\u010eal\u0161ie inform\u00e1cie:<br \/>\n<\/strong>V pr\u00edpade zne\u010distenia \u010derstv\u00e9 \u0161kvrny odstra\u0148ujte pomocou navlh\u010denej utierky vo vode a potom d\u00f4kladne vysu\u0161te suchou utierkou.<\/p>\n<p><b>Rozmery stoli\u010dky:<br \/>\n<\/b>\u0160\u00edrka stoli\u010dky: 45 cm<br \/>\nV\u00fd\u0161ka stoli\u010dky: 90 \u2013 115 cm<br \/>\nH\u013abka stoli\u010dky: 50 cm<br \/>\n<strong>Rozmery sedenia:<\/strong>\u00a045 x 60 \u2013 85 x 35 cm (\u0160xVxH)<br \/>\n<strong>V\u00fd\u0161ka operadla:<\/strong> 30 cm<\/p>\n<p><b>Materi\u00e1l: <\/b>mikrovl\u00e1kno<b>,<\/b>\u00a0kov<\/p>\n<p><b>Farba:<\/b>\u00a0siv\u00e1 vintage, \u010dierna<\/p>\n","protected":false},"excerpt":{"rendered":"<p>Siv\u00e1 barov\u00e1 stoli\u010dka Modena V\u0161eobecn\u00fd opis stoli\u010dky: Vkusn\u00e1 barov\u00e1 stoli\u010dka s n\u00edzkym operadlom a \u010dal\u00fanen\u00fdm sed\u00e1kom z tmav\u00e9ho siv\u00e9ho mikrovl\u00e1kna je vhodn\u00e1 do modern\u00e9ho interi\u00e9ru. T\u00e1to stoli\u010dka vynikaj\u00faco dopln\u00ed v\u00e1\u0161<\/p>\n","protected":false},"featured_media":81325,"comment_status":"open","ping_status":"closed","template":"","meta":[],"product_cat":[311],"product_tag":[301],"yoast_head":"<!-- This site is optimized with the Yoast SEO plugin v22.1 - https:\/\/yoast.com\/wordpress\/plugins\/seo\/ -->\n<title>Siv\u00e1 barov\u00e1 stoli\u010dka Modena \u00bb &#187; iKuchyne iSHOP s n\u00e1bytkom<\/title>\n<meta name=\"description\" content=\"K\u00fapte si u n\u00e1s Siv\u00e1 barov\u00e1 stoli\u010dka Modena \u00bb za akciov\u00fa cenu. R\u00fdchle dodanie tovaru, odborn\u00e9 poradenstvo a stovky produktov skladom. Siv\u00e1 barov\u00e1 stoli\u010dka Modena \u00bb sa stane dominantou V\u00e1\u0161ho interi\u00e9ru. Internetov\u00fd obchod ikuchyne! pon\u00faka odber Siv\u00e1 barov\u00e1 stoli\u010dka Modena \u00bb u\u017e od 1 kusu.\" \/>\n<meta name=\"robots\" content=\"index, follow, max-snippet:-1, max-image-preview:large, max-video-preview:-1\" \/>\n<link rel=\"canonical\" href=\"https:\/\/www.ikuchyne.sk\/eshop\/produkt\/siva-barova-stolicka-modena\/\" \/>\n<meta property=\"og:locale\" content=\"sk_SK\" \/>\n<meta property=\"og:type\" content=\"article\" \/>\n<meta property=\"og:title\" content=\"Siv\u00e1 barov\u00e1 stoli\u010dka Modena \u00bb &#187; iKuchyne iSHOP s n\u00e1bytkom\" \/>\n<meta property=\"og:description\" content=\"K\u00fapte si u n\u00e1s Siv\u00e1 barov\u00e1 stoli\u010dka Modena \u00bb za akciov\u00fa cenu. R\u00fdchle dodanie tovaru, odborn\u00e9 poradenstvo a stovky produktov skladom. Siv\u00e1 barov\u00e1 stoli\u010dka Modena \u00bb sa stane dominantou V\u00e1\u0161ho interi\u00e9ru. Internetov\u00fd obchod ikuchyne! pon\u00faka odber Siv\u00e1 barov\u00e1 stoli\u010dka Modena \u00bb u\u017e od 1 kusu.\" \/>\n<meta property=\"og:url\" content=\"https:\/\/www.ikuchyne.sk\/eshop\/produkt\/siva-barova-stolicka-modena\/\" \/>\n<meta property=\"og:site_name\" content=\"iKuchyne iSHOP s n\u00e1bytkom\" \/>\n<meta property=\"article:publisher\" content=\"https:\/\/www.facebook.com\/ikuchyne\/\" \/>\n<meta property=\"article:modified_time\" content=\"2024-03-10T18:20:00+00:00\" \/>\n<meta property=\"og:image\" content=\"https:\/\/www.ikuchyne.sk\/eshop\/wp-content\/uploads\/2018\/10\/Barova-stolicka-Modena-vintage-siva-39001.jpg\" \/>\n\t<meta property=\"og:image:width\" content=\"800\" \/>\n\t<meta property=\"og:image:height\" content=\"533\" \/>\n\t<meta property=\"og:image:type\" content=\"image\/jpeg\" \/>\n<meta name=\"twitter:card\" content=\"summary_large_image\" \/>\n<meta name=\"twitter:label1\" content=\"Predpokladan\u00fd \u010das \u010d\u00edtania\" \/>\n\t<meta name=\"twitter:data1\" content=\"1 min\u00fata\" \/>\n<script type=\"application\/ld+json\" class=\"yoast-schema-graph\">{\"@context\":\"https:\/\/schema.org\",\"@graph\":[{\"@type\":\"WebPage\",\"@id\":\"https:\/\/www.ikuchyne.sk\/eshop\/produkt\/siva-barova-stolicka-modena\/\",\"url\":\"https:\/\/www.ikuchyne.sk\/eshop\/produkt\/siva-barova-stolicka-modena\/\",\"name\":\"Siv\u00e1 barov\u00e1 stoli\u010dka Modena \u00bb &#187; iKuchyne iSHOP s n\u00e1bytkom\",\"isPartOf\":{\"@id\":\"https:\/\/www.ikuchyne.sk\/eshop\/#website\"},\"datePublished\":\"2018-11-29T16:16:52+00:00\",\"dateModified\":\"2024-03-10T18:20:00+00:00\",\"description\":\"K\u00fapte si u n\u00e1s Siv\u00e1 barov\u00e1 stoli\u010dka Modena \u00bb za akciov\u00fa cenu. R\u00fdchle dodanie tovaru, odborn\u00e9 poradenstvo a stovky produktov skladom. Siv\u00e1 barov\u00e1 stoli\u010dka Modena \u00bb sa stane dominantou V\u00e1\u0161ho interi\u00e9ru. Internetov\u00fd obchod ikuchyne! pon\u00faka odber Siv\u00e1 barov\u00e1 stoli\u010dka Modena \u00bb u\u017e od 1 kusu.\",\"breadcrumb\":{\"@id\":\"https:\/\/www.ikuchyne.sk\/eshop\/produkt\/siva-barova-stolicka-modena\/#breadcrumb\"},\"inLanguage\":\"sk-SK\",\"potentialAction\":[{\"@type\":\"ReadAction\",\"target\":[\"https:\/\/www.ikuchyne.sk\/eshop\/produkt\/siva-barova-stolicka-modena\/\"]}]},{\"@type\":\"BreadcrumbList\",\"@id\":\"https:\/\/www.ikuchyne.sk\/eshop\/produkt\/siva-barova-stolicka-modena\/#breadcrumb\",\"itemListElement\":[{\"@type\":\"ListItem\",\"position\":1,\"name\":\"Home\",\"item\":\"https:\/\/www.ikuchyne.sk\/eshop\/\"},{\"@type\":\"ListItem\",\"position\":2,\"name\":\"Obchod\",\"item\":\"https:\/\/www.ikuchyne.sk\/eshop\/obchod\/\"},{\"@type\":\"ListItem\",\"position\":3,\"name\":\"Siv\u00e1 barov\u00e1 stoli\u010dka Modena \u00bb\"}]},{\"@type\":\"WebSite\",\"@id\":\"https:\/\/www.ikuchyne.sk\/eshop\/#website\",\"url\":\"https:\/\/www.ikuchyne.sk\/eshop\/\",\"name\":\"iKuchyne iSHOP s n\u00e1bytkom\",\"description\":\"Jed\u00e1lensk\u00e9 stoly, stoli\u010dky, n\u00e1bytok, svietidl\u00e1...\",\"publisher\":{\"@id\":\"https:\/\/www.ikuchyne.sk\/eshop\/#organization\"},\"potentialAction\":[{\"@type\":\"SearchAction\",\"target\":{\"@type\":\"EntryPoint\",\"urlTemplate\":\"https:\/\/www.ikuchyne.sk\/eshop\/?s={search_term_string}\"},\"query-input\":\"required name=search_term_string\"}],\"inLanguage\":\"sk-SK\"},{\"@type\":\"Organization\",\"@id\":\"https:\/\/www.ikuchyne.sk\/eshop\/#organization\",\"name\":\"ikuchyne!\",\"url\":\"https:\/\/www.ikuchyne.sk\/eshop\/\",\"logo\":{\"@type\":\"ImageObject\",\"inLanguage\":\"sk-SK\",\"@id\":\"https:\/\/www.ikuchyne.sk\/eshop\/#\/schema\/logo\/image\/\",\"url\":\"https:\/\/www.ikuchyne.sk\/eshop\/wp-content\/uploads\/2017\/04\/ikuchyne-logo.jpg\",\"contentUrl\":\"https:\/\/www.ikuchyne.sk\/eshop\/wp-content\/uploads\/2017\/04\/ikuchyne-logo.jpg\",\"width\":200,\"height\":48,\"caption\":\"ikuchyne!\"},\"image\":{\"@id\":\"https:\/\/www.ikuchyne.sk\/eshop\/#\/schema\/logo\/image\/\"},\"sameAs\":[\"https:\/\/www.facebook.com\/ikuchyne\/\",\"https:\/\/www.instagram.com\/ikuchyne.sk\/\",\"https:\/\/sk.pinterest.com\/ikuchynesk\/\"]}]}<\/script>\n<!-- \/ Yoast SEO plugin. -->","yoast_head_json":{"title":"Siv\u00e1 barov\u00e1 stoli\u010dka Modena \u00bb &#187; iKuchyne iSHOP s n\u00e1bytkom","description":"K\u00fapte si u n\u00e1s Siv\u00e1 barov\u00e1 stoli\u010dka Modena \u00bb za akciov\u00fa cenu. R\u00fdchle dodanie tovaru, odborn\u00e9 poradenstvo a stovky produktov skladom. Siv\u00e1 barov\u00e1 stoli\u010dka Modena \u00bb sa stane dominantou V\u00e1\u0161ho interi\u00e9ru. Internetov\u00fd obchod ikuchyne! pon\u00faka odber Siv\u00e1 barov\u00e1 stoli\u010dka Modena \u00bb u\u017e od 1 kusu.","robots":{"index":"index","follow":"follow","max-snippet":"max-snippet:-1","max-image-preview":"max-image-preview:large","max-video-preview":"max-video-preview:-1"},"canonical":"https:\/\/www.ikuchyne.sk\/eshop\/produkt\/siva-barova-stolicka-modena\/","og_locale":"sk_SK","og_type":"article","og_title":"Siv\u00e1 barov\u00e1 stoli\u010dka Modena \u00bb &#187; iKuchyne iSHOP s n\u00e1bytkom","og_description":"K\u00fapte si u n\u00e1s Siv\u00e1 barov\u00e1 stoli\u010dka Modena \u00bb za akciov\u00fa cenu. R\u00fdchle dodanie tovaru, odborn\u00e9 poradenstvo a stovky produktov skladom. Siv\u00e1 barov\u00e1 stoli\u010dka Modena \u00bb sa stane dominantou V\u00e1\u0161ho interi\u00e9ru. Internetov\u00fd obchod ikuchyne! pon\u00faka odber Siv\u00e1 barov\u00e1 stoli\u010dka Modena \u00bb u\u017e od 1 kusu.","og_url":"https:\/\/www.ikuchyne.sk\/eshop\/produkt\/siva-barova-stolicka-modena\/","og_site_name":"iKuchyne iSHOP s n\u00e1bytkom","article_publisher":"https:\/\/www.facebook.com\/ikuchyne\/","article_modified_time":"2024-03-10T18:20:00+00:00","og_image":[{"width":800,"height":533,"url":"https:\/\/www.ikuchyne.sk\/eshop\/wp-content\/uploads\/2018\/10\/Barova-stolicka-Modena-vintage-siva-39001.jpg","type":"image\/jpeg"}],"twitter_card":"summary_large_image","twitter_misc":{"Predpokladan\u00fd \u010das \u010d\u00edtania":"1 min\u00fata"},"schema":{"@context":"https:\/\/schema.org","@graph":[{"@type":"WebPage","@id":"https:\/\/www.ikuchyne.sk\/eshop\/produkt\/siva-barova-stolicka-modena\/","url":"https:\/\/www.ikuchyne.sk\/eshop\/produkt\/siva-barova-stolicka-modena\/","name":"Siv\u00e1 barov\u00e1 stoli\u010dka Modena \u00bb &#187; iKuchyne iSHOP s n\u00e1bytkom","isPartOf":{"@id":"https:\/\/www.ikuchyne.sk\/eshop\/#website"},"datePublished":"2018-11-29T16:16:52+00:00","dateModified":"2024-03-10T18:20:00+00:00","description":"K\u00fapte si u n\u00e1s Siv\u00e1 barov\u00e1 stoli\u010dka Modena \u00bb za akciov\u00fa cenu. R\u00fdchle dodanie tovaru, odborn\u00e9 poradenstvo a stovky produktov skladom. Siv\u00e1 barov\u00e1 stoli\u010dka Modena \u00bb sa stane dominantou V\u00e1\u0161ho interi\u00e9ru. Internetov\u00fd obchod ikuchyne! pon\u00faka odber Siv\u00e1 barov\u00e1 stoli\u010dka Modena \u00bb u\u017e od 1 kusu.","breadcrumb":{"@id":"https:\/\/www.ikuchyne.sk\/eshop\/produkt\/siva-barova-stolicka-modena\/#breadcrumb"},"inLanguage":"sk-SK","potentialAction":[{"@type":"ReadAction","target":["https:\/\/www.ikuchyne.sk\/eshop\/produkt\/siva-barova-stolicka-modena\/"]}]},{"@type":"BreadcrumbList","@id":"https:\/\/www.ikuchyne.sk\/eshop\/produkt\/siva-barova-stolicka-modena\/#breadcrumb","itemListElement":[{"@type":"ListItem","position":1,"name":"Home","item":"https:\/\/www.ikuchyne.sk\/eshop\/"},{"@type":"ListItem","position":2,"name":"Obchod","item":"https:\/\/www.ikuchyne.sk\/eshop\/obchod\/"},{"@type":"ListItem","position":3,"name":"Siv\u00e1 barov\u00e1 stoli\u010dka Modena \u00bb"}]},{"@type":"WebSite","@id":"https:\/\/www.ikuchyne.sk\/eshop\/#website","url":"https:\/\/www.ikuchyne.sk\/eshop\/","name":"iKuchyne iSHOP s n\u00e1bytkom","description":"Jed\u00e1lensk\u00e9 stoly, stoli\u010dky, n\u00e1bytok, svietidl\u00e1...","publisher":{"@id":"https:\/\/www.ikuchyne.sk\/eshop\/#organization"},"potentialAction":[{"@type":"SearchAction","target":{"@type":"EntryPoint","urlTemplate":"https:\/\/www.ikuchyne.sk\/eshop\/?s={search_term_string}"},"query-input":"required name=search_term_string"}],"inLanguage":"sk-SK"},{"@type":"Organization","@id":"https:\/\/www.ikuchyne.sk\/eshop\/#organization","name":"ikuchyne!","url":"https:\/\/www.ikuchyne.sk\/eshop\/","logo":{"@type":"ImageObject","inLanguage":"sk-SK","@id":"https:\/\/www.ikuchyne.sk\/eshop\/#\/schema\/logo\/image\/","url":"https:\/\/www.ikuchyne.sk\/eshop\/wp-content\/uploads\/2017\/04\/ikuchyne-logo.jpg","contentUrl":"https:\/\/www.ikuchyne.sk\/eshop\/wp-content\/uploads\/2017\/04\/ikuchyne-logo.jpg","width":200,"height":48,"caption":"ikuchyne!"},"image":{"@id":"https:\/\/www.ikuchyne.sk\/eshop\/#\/schema\/logo\/image\/"},"sameAs":["https:\/\/www.facebook.com\/ikuchyne\/","https:\/\/www.instagram.com\/ikuchyne.sk\/","https:\/\/sk.pinterest.com\/ikuchynesk\/"]}]}},"_links":{"self":[{"href":"https:\/\/www.ikuchyne.sk\/eshop\/wp-json\/wp\/v2\/product\/81324"}],"collection":[{"href":"https:\/\/www.ikuchyne.sk\/eshop\/wp-json\/wp\/v2\/product"}],"about":[{"href":"https:\/\/www.ikuchyne.sk\/eshop\/wp-json\/wp\/v2\/types\/product"}],"replies":[{"embeddable":true,"href":"https:\/\/www.ikuchyne.sk\/eshop\/wp-json\/wp\/v2\/comments?post=81324"}],"wp:featuredmedia":[{"embeddable":true,"href":"https:\/\/www.ikuchyne.sk\/eshop\/wp-json\/wp\/v2\/media\/81325"}],"wp:attachment":[{"href":"https:\/\/www.ikuchyne.sk\/eshop\/wp-json\/wp\/v2\/media?parent=81324"}],"wp:term":[{"taxonomy":"product_cat","embeddable":true,"href":"https:\/\/www.ikuchyne.sk\/eshop\/wp-json\/wp\/v2\/product_cat?post=81324"},{"taxonomy":"product_tag","embeddable":true,"href":"https:\/\/www.ikuchyne.sk\/eshop\/wp-json\/wp\/v2\/product_tag?post=81324"}],"curies":[{"name":"wp","href":"https:\/\/api.w.org\/{rel}","templated":true}]}}